{"id":46485,"date":"2026-04-20T08:05:00","date_gmt":"2026-04-20T06:05:00","guid":{"rendered":"https:\/\/homeday.webpremiere.de\/index.php\/produkt\/produkt\/"},"modified":"2026-04-21T21:29:06","modified_gmt":"2026-04-21T19:29:06","slug":"cor-conseta-dreisitzer-leder-sofa-schwarz-mit-kopfstuetze","status":"publish","type":"product","link":"https:\/\/homeday.webpremiere.de\/index.php\/produkt\/cor-conseta-dreisitzer-leder-sofa-schwarz-mit-kopfstuetze\/","title":{"rendered":"COR Conseta Dreisitzer Leder Sofa Schwarz mit Kopfst\u00fctze"},"content":{"rendered":"<div>\n<p id=\"viewad-description-text\" class=\"ad-keydetails--ad-description\">Revive GmbH | Gebrauchte Designerm\u00f6bel \u2022 Aufbereitet \u2022 Nachhaltig \u2022 Sofort Verf\u00fcgbar<\/p>\n<p>Verf\u00fcgbar in: K\u00f6ln &#8211; L\u00f6venich<br \/>Online bestellen: www.revive.de\/products\/29887-c4<br \/>Artikelnummer: #29887-c4<\/p>\n<p>Hier bekommst du einen absoluten Design-Klassiker vom deutschen Premium-Hersteller COR. Das Modell Conseta geh\u00f6rt zu den wandlungsf\u00e4higsten und beliebtesten Entw\u00fcrfen der M\u00f6belgeschichte, weil es durch seine klare Linienf\u00fchrung und den kubischen Lederkorpus in Schwarz einfach \u00fcberall eine gute Figur macht. Dieser Dreisitzer ist das perfekte Piece f\u00fcr alle, die eine reduzierte Optik sch\u00e4tzen, aber auf handfeste Qualit\u00e4t nicht verzichten wollen.Die manuelle Funktion dieser Conseta Ausf\u00fchrung erlaubt es dir, den Komfort individuell zu steigern, indem du die Kissen links und rechts an der Sitzfl\u00e4che variieren, sowie die Kopfst\u00fctze verstellen kannst. Diese diskrete Verstellfunktion sorgt daf\u00fcr, dass das Sofa seine geradlinige Form beh\u00e4lt, w\u00e4hrend du gleichzeitig von einem erstklassigen Sitzerlebnis profitierst.Die Kombination aus dem tiefschwarzen Leder und der robusten Verarbeitung macht dieses Sofa zu einem extrem langlebigen Begleiter f\u00fcr deinen Alltag. Es ist die ideale Erg\u00e4nzung f\u00fcr ein modernes Wohnzimmer, in dem das M\u00f6belst\u00fcck durch seine schlichte Pr\u00e4senz wirkt, ohne den Raum zu dominieren.Verstellbare Kopfst\u00fctze<\/p>\n<p>\u2022 Ma\u00dfe<br \/>Breite: 235cm<br \/>H\u00f6he: 80\/100cm<br \/>Tiefe: 91cm<br \/>Sitzh\u00f6he: 45cm<br \/>Lehnenh\u00f6he: 54\/64cm<br \/>Sitztiefe: 58cm<br \/>Sitzbreite: 125\/205cm<br \/>R\u00fcckenlehnenh\u00f6he: 38\/61cm<\/p>\n<p>\u2022 Artikelinformationen<br \/>Hersteller: COR<br \/>Modell: Conseta<br \/>Designer: Friedrich Wilhelm M\u00f6ller<br \/>Farbe: Schwarz<br \/>Material: Leder<br \/>Produktart: Dreisitzer<br \/>Nichtraucher-Haushalt: Ja<\/p>\n<p>\u2022 Lieferung bis in&#8217;s Wohnzimmer (bundesweit)<br \/>149 EUR<\/p>\n<p>Die Lieferung erfolgt durch zwei unserer Mitarbeiter bis zum gew\u00fcnschten Platz (inkl. Verpackungsentsorgung).<br \/>Alle Artikel werden von uns auf ihre Qualit\u00e4t gepr\u00fcft und sorgf\u00e4ltig verpackt.<br \/>Wir informieren dich 1-3 Tage vorab \u00fcber den konkreten Liefertermin.<br \/>Du ben\u00f6tigst eine Lieferung ins Ausland? Komm gerne auf uns zu und wir machen dir ein Angebot.<\/p>\n<p>\u2022 \u00dcber Revive<br \/>Mit unserer professionellen Aufbereitung schenken wir gebrauchten Designerm\u00f6beln ein neues Leben.<br \/>Unsere Produkte sind gegen\u00fcber dem Neupreis bereits stark reduziert \u2013 so erh\u00e4ltst du hochwertige Produkte zu einem unschlagbaren Preis. Zus\u00e4tzlich spenden wir 10% unseres Gewinns an gemeinn\u00fctzige Zwecke.<\/p>\n<p>\u2022 Deine Vorteile im \u00dcberblick<br \/>&#8211; Mehr als 1000 sofort verf\u00fcgbare Designerm\u00f6bel<br \/>&#8211; Top Preise<br \/>&#8211; Nachhaltig<br \/>&#8211; 2-Mann-Lieferung ins Zimmer deiner Wahl<br \/>&#8211; Kostenlose Montage<br \/>&#8211; 30 Tage R\u00fcckgaberecht<br \/>&#8211; 1 Jahr Gew\u00e4hrleistung<\/p>\n<p>\u2022 Showroom<br \/>Revive GmbH<br \/>Ottostr. 3<br \/>50859 K\u00f6ln &#8211; L\u00f6venich<br \/>Mo-Do: 13-18 Uhr, Fr-Sa: 10-18 Uhr<\/p>\n<p>\u2022 Kundenservice<br \/>Du hast eine Frage? Gerne steht dir unser Team telefonisch und per E-Mail zur Seite.<\/p>\n<p>Telefon: 0221 69 20 65 60<br \/>E-Mail: hier per Nachricht<\/p>\n<p>\u2022 H\u00e4ufig gestellte Fragen<\/p>\n<p>&gt;&gt; Auf den Fotos kann ich keine Gebrauchsspuren erkennen. Was bedeutet das?<br \/>Bei all unseren Produkten sind m\u00f6gliche Gebrauchsspuren eindeutig mit Detail-Fotos bebildert. Ist dies nicht der Fall, befindet sich der Artikel in einem sehr guten Zustand und weist keinerlei sichtbare M\u00e4ngel auf.<\/p>\n<p>&gt;&gt; K\u00f6nnen die Produkte besichtigt werden?<br \/>Ja, alle angebotenen Artikel haben wir vorr\u00e4tig, diese k\u00f6nnen gerne in unserem Showroom in K\u00f6ln-L\u00f6venich besichtigt werden.<br \/>Optional kannst du innerhalb unserer \u00d6ffnungszeiten (Mo-Do: 13-18 Uhr, Fr-Sa: 10-18 Uhr) einen pers\u00f6nlichen Termin auf revive.de\/products\/29887-c4 buchen.<\/p>\n<p>Alternativ bieten wir dir die M\u00f6glichkeit einer Online Videobesichtigung via WhatsApp.<br \/>Auf jeder Produktseite auf revive.de kannst du deinen Termin buchen.<br \/>Wir gehen auf deine individuellen W\u00fcnsche ein und bieten dir eine pers\u00f6nliche Beratung.<br \/>Die Produktseite f\u00fcr diese Anzeige findest du unter: revive.de\/products\/29887-c4&gt;&gt; Wie sind die Lieferzeiten?<br \/>1-21 Tage deutschlandweit<br \/>Weltweit auf Anfrage<\/p>\n<p>(Bei Insellieferungen entstehen in der Regel Extrakosten)<\/p>\n<p>Wenn du eine spezielle Anfrage hast, wie z.B. ein enges<\/p>\n<\/div>\n","protected":false},"excerpt":{"rendered":"<p>Revive GmbH | Gebrauchte Designerm\u00f6bel \u2022 Aufbereitet \u2022 Nachhaltig \u2022 Sofort Verf\u00fcgbar Verf\u00fcgbar in: K\u00f6ln &#8211; L\u00f6venich Online bestellen: www.revive.de\/products\/29887-c4 Artikelnummer: #29887-c4 Hier bekommst du einen absoluten Design-Klassiker vom d&#8230;<\/p>\n","protected":false},"featured_media":48191,"template":"","meta":[],"product_label":[],"product_brand":[],"product_cat":[15],"product_tag":[],"class_list":{"0":"post-46485","1":"product","2":"type-product","3":"status-publish","4":"has-post-thumbnail","6":"product_cat-unkategorisiert","8":"first","9":"instock","10":"shipping-taxable","11":"purchasable","12":"product-type-kleinanzeige"},"_links":{"self":[{"href":"https:\/\/homeday.webpremiere.de\/index.php\/wp-json\/wp\/v2\/product\/46485","targetHints":{"allow":["GET"]}}],"collection":[{"href":"https:\/\/homeday.webpremiere.de\/index.php\/wp-json\/wp\/v2\/product"}],"about":[{"href":"https:\/\/homeday.webpremiere.de\/index.php\/wp-json\/wp\/v2\/types\/product"}],"wp:featuredmedia":[{"embeddable":true,"href":"https:\/\/homeday.webpremiere.de\/index.php\/wp-json\/wp\/v2\/media\/48191"}],"wp:attachment":[{"href":"https:\/\/homeday.webpremiere.de\/index.php\/wp-json\/wp\/v2\/media?parent=46485"}],"wp:term":[{"taxonomy":"product_label","embeddable":true,"href":"https:\/\/homeday.webpremiere.de\/index.php\/wp-json\/wp\/v2\/product_label?post=46485"},{"taxonomy":"product_brand","embeddable":true,"href":"https:\/\/homeday.webpremiere.de\/index.php\/wp-json\/wp\/v2\/product_brand?post=46485"},{"taxonomy":"product_cat","embeddable":true,"href":"https:\/\/homeday.webpremiere.de\/index.php\/wp-json\/wp\/v2\/product_cat?post=46485"},{"taxonomy":"product_tag","embeddable":true,"href":"https:\/\/homeday.webpremiere.de\/index.php\/wp-json\/wp\/v2\/product_tag?post=46485"}],"curies":[{"name":"wp","href":"https:\/\/api.w.org\/{rel}","templated":true}]}}