{"id":48942,"date":"2026-04-14T00:00:00","date_gmt":"2026-04-13T22:00:00","guid":{"rendered":"https:\/\/homeday.webpremiere.de\/index.php\/produkt\/produkt\/"},"modified":"2026-04-21T22:12:15","modified_gmt":"2026-04-21T20:12:15","slug":"bruehl-alba-dreisitzer-leder-sofa-braun-inkl-kopfstuetze-und","status":"publish","type":"product","link":"https:\/\/homeday.webpremiere.de\/index.php\/produkt\/bruehl-alba-dreisitzer-leder-sofa-braun-inkl-kopfstuetze-und\/","title":{"rendered":"Br\u00fchl Alba Dreisitzer Leder Sofa Braun inkl. Kopfst\u00fctze und"},"content":{"rendered":"<div>\n<p id=\"viewad-description-text\" class=\"ad-keydetails--ad-description\">Revive GmbH | Gebrauchte Designerm\u00f6bel \u2022 Aufbereitet \u2022 Nachhaltig \u2022 Sofort Verf\u00fcgbar<\/p>\n<p>Verf\u00fcgbar in: K\u00f6ln &#8211; L\u00f6venich<br \/>Online bestellen: www.revive.de\/products\/30672-c4<br \/>Artikelnummer: #30672-c4<\/p>\n<p>Hier bekommst du mit dem Br\u00fchl Alba einen echten Klassiker des modernen Designs, der durch seine Wandlungsf\u00e4higkeit und die erstklassige Materialqualit\u00e4t besticht. Das braune Dickleder verleiht dem Dreisitzer eine unglaublich wertige und robuste Haptik, die \u00fcber Jahre hinweg ihre Sch\u00f6nheit beh\u00e4lt und eine tolle Patina entwickelt. Die Kombination aus dem warmen Leder und den k\u00fchlen, gl\u00e4nzenden Chromf\u00fc\u00dfen sorgt f\u00fcr eine zeitlose Eleganz, die in jedem Wohnzimmer f\u00fcr eine souver\u00e4ne Ausstrahlung sorgt.Das Alba-Modell ist bekannt f\u00fcr seinen exzellenten Sitzkomfort, der hier durch die zus\u00e4tzliche Kopfst\u00fctze noch einmal auf ein neues Level gehoben wird. So kannst du dich entspannt zur\u00fccklehnen, w\u00e4hrend dein Nacken optimal gest\u00fctzt wird. Das Design bleibt dabei angenehm geradlinig und klar, was typisch f\u00fcr die Formsprache von Br\u00fchl ist \u2013 eben ein echtes St\u00fcck Handwerkskunst \u201eMade in Germany\u201c, das auf Langlebigkeit und ehrliche Materialien setzt. Es ist die perfekte Wahl f\u00fcr dich, wenn du ein Sofa suchst, das handfeste Qualit\u00e4t mit einer leichten, modernen Optik verbindet.<\/p>\n<p>\u2022 Ma\u00dfe<br \/>Breite: 197cm<br \/>H\u00f6he: 81\/118cm<br \/>Tiefe: 98cm<br \/>Sitzh\u00f6he: 42cm<br \/>Lehnenh\u00f6he: 63cm<br \/>Sitztiefe: 62cm<br \/>Sitzbreite: 128\/cm<br \/>R\u00fcckenlehnenh\u00f6he: 35\/73cm<\/p>\n<p>\u2022 Artikelinformationen<br \/>Hersteller: Br\u00fchl<br \/>Modell: Alba<br \/>Designer: Roland Meyer-Br\u00fchl<br \/>Farbe: Braun<br \/>Material: Leder<br \/>Produktart: Dreisitzer<br \/>Nichtraucher-Haushalt: Ja<\/p>\n<p>\u2022 Lieferung bis in&#8217;s Wohnzimmer (bundesweit)<br \/>149 EUR<\/p>\n<p>Die Lieferung erfolgt durch zwei unserer Mitarbeiter bis zum gew\u00fcnschten Platz (inkl. Verpackungsentsorgung).<br \/>Alle Artikel werden von uns auf ihre Qualit\u00e4t gepr\u00fcft und sorgf\u00e4ltig verpackt.<br \/>Wir informieren dich 1-3 Tage vorab \u00fcber den konkreten Liefertermin.<br \/>Du ben\u00f6tigst eine Lieferung ins Ausland? Komm gerne auf uns zu und wir machen dir ein Angebot.<\/p>\n<p>\u2022 \u00dcber Revive<br \/>Mit unserer professionellen Aufbereitung schenken wir gebrauchten Designerm\u00f6beln ein neues Leben.<br \/>Unsere Produkte sind gegen\u00fcber dem Neupreis bereits stark reduziert \u2013 so erh\u00e4ltst du hochwertige Produkte zu einem unschlagbaren Preis. Zus\u00e4tzlich spenden wir 10% unseres Gewinns an gemeinn\u00fctzige Zwecke.<\/p>\n<p>\u2022 Deine Vorteile im \u00dcberblick<br \/>&#8211; Mehr als 1000 sofort verf\u00fcgbare Designerm\u00f6bel<br \/>&#8211; Top Preise<br \/>&#8211; Nachhaltig<br \/>&#8211; 2-Mann-Lieferung ins Zimmer deiner Wahl<br \/>&#8211; Kostenlose Montage<br \/>&#8211; 30 Tage R\u00fcckgaberecht<br \/>&#8211; 1 Jahr Gew\u00e4hrleistung<\/p>\n<p>\u2022 Showroom<br \/>Revive GmbH<br \/>Ottostr. 3<br \/>50859 K\u00f6ln &#8211; L\u00f6venich<br \/>Mo-Do: 13-18 Uhr, Fr-Sa: 10-18 Uhr<\/p>\n<p>\u2022 Kundenservice<br \/>Du hast eine Frage? Gerne steht dir unser Team telefonisch und per E-Mail zur Seite.<\/p>\n<p>Telefon: 0221 69 20 65 60<br \/>E-Mail: hier per Nachricht<\/p>\n<p>\u2022 H\u00e4ufig gestellte Fragen<\/p>\n<p>&gt;&gt; Auf den Fotos kann ich keine Gebrauchsspuren erkennen. Was bedeutet das?<br \/>Bei all unseren Produkten sind m\u00f6gliche Gebrauchsspuren eindeutig mit Detail-Fotos bebildert. Ist dies nicht der Fall, befindet sich der Artikel in einem sehr guten Zustand und weist keinerlei sichtbare M\u00e4ngel auf.<\/p>\n<p>&gt;&gt; K\u00f6nnen die Produkte besichtigt werden?<br \/>Ja, alle angebotenen Artikel haben wir vorr\u00e4tig, diese k\u00f6nnen gerne in unserem Showroom in K\u00f6ln-L\u00f6venich besichtigt werden.<br \/>Optional kannst du innerhalb unserer \u00d6ffnungszeiten (Mo-Do: 13-18 Uhr, Fr-Sa: 10-18 Uhr) einen pers\u00f6nlichen Termin auf revive.de\/products\/30672-c4 buchen.<\/p>\n<p>Alternativ bieten wir dir die M\u00f6glichkeit einer Online Videobesichtigung via WhatsApp.<br \/>Auf jeder Produktseite auf revive.de kannst du deinen Termin buchen.<br \/>Wir gehen auf deine individuellen W\u00fcnsche ein und bieten dir eine pers\u00f6nliche Beratung.<br \/>Die Produktseite f\u00fcr diese Anzeige findest du unter: revive.de\/products\/30672-c4<\/p>\n<p>&gt;&gt; Ist der Preis verhandelbar?<br \/>Nein, denn unsere Produkte sind gegen\u00fcber dem Neupreis bereits stark reduziert \u2013 so erh\u00e4ltst du hochwertige Produkte zu einem unschlagbaren Preis.<br \/>M\u00f6gliche Gebrauchsspuren sind bereits mit einberechnet.<br \/>Alle unsere Preise werden von<\/p>\n<\/div>\n","protected":false},"excerpt":{"rendered":"<p>Revive GmbH | Gebrauchte Designerm\u00f6bel \u2022 Aufbereitet \u2022 Nachhaltig \u2022 Sofort Verf\u00fcgbar Verf\u00fcgbar in: K\u00f6ln &#8211; L\u00f6venich Online bestellen: www.revive.de\/products\/30672-c4 Artikelnummer: #30672-c4 Hier bekommst du mit dem Br\u00fchl Alba einen echten Klassi&#8230;<\/p>\n","protected":false},"featured_media":52448,"template":"","meta":[],"product_label":[],"product_brand":[],"product_cat":[15],"product_tag":[],"class_list":{"0":"post-48942","1":"product","2":"type-product","3":"status-publish","4":"has-post-thumbnail","6":"product_cat-unkategorisiert","8":"first","9":"instock","10":"shipping-taxable","11":"purchasable","12":"product-type-kleinanzeige"},"_links":{"self":[{"href":"https:\/\/homeday.webpremiere.de\/index.php\/wp-json\/wp\/v2\/product\/48942","targetHints":{"allow":["GET"]}}],"collection":[{"href":"https:\/\/homeday.webpremiere.de\/index.php\/wp-json\/wp\/v2\/product"}],"about":[{"href":"https:\/\/homeday.webpremiere.de\/index.php\/wp-json\/wp\/v2\/types\/product"}],"wp:featuredmedia":[{"embeddable":true,"href":"https:\/\/homeday.webpremiere.de\/index.php\/wp-json\/wp\/v2\/media\/52448"}],"wp:attachment":[{"href":"https:\/\/homeday.webpremiere.de\/index.php\/wp-json\/wp\/v2\/media?parent=48942"}],"wp:term":[{"taxonomy":"product_label","embeddable":true,"href":"https:\/\/homeday.webpremiere.de\/index.php\/wp-json\/wp\/v2\/product_label?post=48942"},{"taxonomy":"product_brand","embeddable":true,"href":"https:\/\/homeday.webpremiere.de\/index.php\/wp-json\/wp\/v2\/product_brand?post=48942"},{"taxonomy":"product_cat","embeddable":true,"href":"https:\/\/homeday.webpremiere.de\/index.php\/wp-json\/wp\/v2\/product_cat?post=48942"},{"taxonomy":"product_tag","embeddable":true,"href":"https:\/\/homeday.webpremiere.de\/index.php\/wp-json\/wp\/v2\/product_tag?post=48942"}],"curies":[{"name":"wp","href":"https:\/\/api.w.org\/{rel}","templated":true}]}}