{"id":49309,"date":"2026-04-13T00:00:00","date_gmt":"2026-04-12T22:00:00","guid":{"rendered":"https:\/\/homeday.webpremiere.de\/index.php\/produkt\/produkt\/"},"modified":"2026-04-21T22:16:12","modified_gmt":"2026-04-21T20:16:12","slug":"de-sede-ds-450-leder-zweisitzer-schwarz-manuelle-funktion-sofa","status":"publish","type":"product","link":"https:\/\/homeday.webpremiere.de\/index.php\/produkt\/de-sede-ds-450-leder-zweisitzer-schwarz-manuelle-funktion-sofa\/","title":{"rendered":"de Sede DS 450 Leder Zweisitzer Schwarz manuelle Funktion Sofa"},"content":{"rendered":"<div>\n<p id=\"viewad-description-text\" class=\"ad-keydetails--ad-description\">Revive GmbH | Gebrauchte Designerm\u00f6bel \u2022 Aufbereitet \u2022 Nachhaltig \u2022 Sofort Verf\u00fcgbar<\/p>\n<p>Verf\u00fcgbar in: K\u00f6ln &#8211; L\u00f6venich<br \/>Online bestellen: www.revive.de\/products\/24233-c3<br \/>Artikelnummer: #24233-c3<\/p>\n<p>Das DS-450 aus der Schweizer Edelmanufaktur de Sede ist ein wahres Verwandlungsk\u00fcnstler-St\u00fcck, das die Grenzen zwischen klassischem Sofa und luxuri\u00f6ser Doppel-Recamiere aufl\u00f6st. In tiefschwarzem, erstklassigem Leder gefertigt, besticht dieser Zweisitzer durch seine markante, kubische Grundform und die pr\u00e4zise Linienf\u00fchrung, die sofort ein Statement von Exklusivit\u00e4t und h\u00f6chster Handwerkskunst setzt.Das Herzst\u00fcck dieses Modells ist seine au\u00dfergew\u00f6hnliche manuelle Funktionalit\u00e4t: Mit wenigen Handgriffen lassen sich die Armlehnen unabh\u00e4ngig voneinander nach au\u00dfen schwenken und die R\u00fcckenlehnen stufenlos neigen. So verwandelt sich das Sofa im Handumdrehen in eine gro\u00dfz\u00fcgige Entspannungsinsel. Die charakteristische Polsterung bietet einen festen und dennoch anschmiegsamen Sitzkomfort, der durch die markanten N\u00e4hte visuell betont wird. Getragen wird der Korpus von filigranen Metallf\u00fc\u00dfen, die dem massiven Lederobjekt eine schwebende Leichtigkeit verleihen. Mit dem de Sede DS-450 entscheiden Sie sich f\u00fcr ein zeitloses Design-Meisterwerk, das kompromisslose Qualit\u00e4t und funktionale Intelligenz perfekt vereint.<\/p>\n<p>\u2022 Ma\u00dfe<br \/>Breite: 209\/233cm<br \/>H\u00f6he: 99cm<br \/>Tiefe: 87\/165cm<br \/>Sitzh\u00f6he: 44cm<br \/>Lehnenh\u00f6he: 44\/65cm<br \/>Sitztiefe: 52\/110cm<br \/>Sitzbreite: 160cm<br \/>R\u00fcckenlehnenh\u00f6he: 60cm<\/p>\n<p>\u2022 Artikelinformationen<br \/>Hersteller: de Sede<br \/>Modell: DS-450<br \/>Designer: Thomas Althaus<br \/>Farbe: Schwarz<br \/>Material: Leder<br \/>Produktart: Zweisitzer<br \/>Nichtraucher-Haushalt: Ja<\/p>\n<p>\u2022 Lieferung bis in&#8217;s Wohnzimmer (bundesweit)<br \/>149 EUR<\/p>\n<p>Die Lieferung erfolgt durch zwei unserer Mitarbeiter bis zum gew\u00fcnschten Platz (inkl. Verpackungsentsorgung).<br \/>Alle Artikel werden von uns auf ihre Qualit\u00e4t gepr\u00fcft und sorgf\u00e4ltig verpackt.<br \/>Wir informieren dich 1-3 Tage vorab \u00fcber den konkreten Liefertermin.<br \/>Du ben\u00f6tigst eine Lieferung ins Ausland? Komm gerne auf uns zu und wir machen dir ein Angebot.<\/p>\n<p>\u2022 \u00dcber Revive<br \/>Mit unserer professionellen Aufbereitung schenken wir gebrauchten Designerm\u00f6beln ein neues Leben.<br \/>Unsere Produkte sind gegen\u00fcber dem Neupreis bereits stark reduziert \u2013 so erh\u00e4ltst du hochwertige Produkte zu einem unschlagbaren Preis. Zus\u00e4tzlich spenden wir 10% unseres Gewinns an gemeinn\u00fctzige Zwecke.<\/p>\n<p>\u2022 Deine Vorteile im \u00dcberblick<br \/>&#8211; Mehr als 1000 sofort verf\u00fcgbare Designerm\u00f6bel<br \/>&#8211; Top Preise<br \/>&#8211; Nachhaltig<br \/>&#8211; 2-Mann-Lieferung ins Zimmer deiner Wahl<br \/>&#8211; Kostenlose Montage<br \/>&#8211; 30 Tage R\u00fcckgaberecht<br \/>&#8211; 1 Jahr Gew\u00e4hrleistung<\/p>\n<p>\u2022 Showroom<br \/>Revive GmbH<br \/>Ottostra\u00dfe 3<br \/>50859 K\u00f6ln &#8211; L\u00f6venich<\/p>\n<p>\u2022 Kundenservice<br \/>Du hast eine Frage? Gerne steht dir unser Team telefonisch und per E-Mail zur Seite.<\/p>\n<p>Telefon: 0221 69 20 65 60<br \/>E-Mail: hier per Nachricht<\/p>\n<p>\u2022 H\u00e4ufig gestellte Fragen<\/p>\n<p>&gt;&gt; Auf den Fotos kann ich keine Gebrauchsspuren erkennen. Was bedeutet das?<br \/>Bei all unseren Produkten sind m\u00f6gliche Gebrauchsspuren eindeutig mit Detail-Fotos bebildert. Ist dies nicht der Fall, befindet sich der Artikel in einem sehr guten Zustand und weist keinerlei sichtbare M\u00e4ngel auf.<\/p>\n<p>&gt;&gt; K\u00f6nnen die Produkte besichtigt werden?<br \/>Ja, alle angebotenen Artikel haben wir vorr\u00e4tig, diese k\u00f6nnen gerne in unserem Showroom in K\u00f6ln-L\u00f6venich besichtigt werden.<br \/>Optional kannst du innerhalb unserer \u00d6ffnungszeiten () einen pers\u00f6nlichen Termin auf revive.de\/products\/24233-c3 buchen.<\/p>\n<p>Alternativ bieten wir dir die M\u00f6glichkeit einer Online Videobesichtigung via WhatsApp.<br \/>Auf jeder Produktseite auf revive.de kannst du deinen Termin buchen.<br \/>Wir gehen auf deine individuellen W\u00fcnsche ein und bieten dir eine pers\u00f6nliche Beratung.<br \/>Die Produktseite f\u00fcr diese Anzeige findest du unter: revive.de\/products\/24233-c3<\/p>\n<p>&gt;&gt; Ist der Preis verhandelbar?<br \/>Nein, denn unsere Produkte sind gegen\u00fcber dem Neupreis bereits stark reduziert \u2013 so erh\u00e4ltst du hochwertige Produkte zu einem unschlagbaren Preis.<br \/>M\u00f6gliche Gebrauchsspuren sind bereits mit einberechnet.<br \/>Alle unsere Preise werden von unseren Experten mit<\/p>\n<\/div>\n","protected":false},"excerpt":{"rendered":"<p>Revive GmbH | Gebrauchte Designerm\u00f6bel \u2022 Aufbereitet \u2022 Nachhaltig \u2022 Sofort Verf\u00fcgbar Verf\u00fcgbar in: K\u00f6ln &#8211; L\u00f6venich Online bestellen: www.revive.de\/products\/24233-c3 Artikelnummer: #24233-c3 Das DS-450 aus der Schweizer Edelmanufaktur de Sede ist&#8230;<\/p>\n","protected":false},"featured_media":53075,"template":"","meta":[],"product_label":[],"product_brand":[],"product_cat":[15],"product_tag":[],"class_list":{"0":"post-49309","1":"product","2":"type-product","3":"status-publish","4":"has-post-thumbnail","6":"product_cat-unkategorisiert","8":"first","9":"instock","10":"shipping-taxable","11":"purchasable","12":"product-type-kleinanzeige"},"_links":{"self":[{"href":"https:\/\/homeday.webpremiere.de\/index.php\/wp-json\/wp\/v2\/product\/49309","targetHints":{"allow":["GET"]}}],"collection":[{"href":"https:\/\/homeday.webpremiere.de\/index.php\/wp-json\/wp\/v2\/product"}],"about":[{"href":"https:\/\/homeday.webpremiere.de\/index.php\/wp-json\/wp\/v2\/types\/product"}],"wp:featuredmedia":[{"embeddable":true,"href":"https:\/\/homeday.webpremiere.de\/index.php\/wp-json\/wp\/v2\/media\/53075"}],"wp:attachment":[{"href":"https:\/\/homeday.webpremiere.de\/index.php\/wp-json\/wp\/v2\/media?parent=49309"}],"wp:term":[{"taxonomy":"product_label","embeddable":true,"href":"https:\/\/homeday.webpremiere.de\/index.php\/wp-json\/wp\/v2\/product_label?post=49309"},{"taxonomy":"product_brand","embeddable":true,"href":"https:\/\/homeday.webpremiere.de\/index.php\/wp-json\/wp\/v2\/product_brand?post=49309"},{"taxonomy":"product_cat","embeddable":true,"href":"https:\/\/homeday.webpremiere.de\/index.php\/wp-json\/wp\/v2\/product_cat?post=49309"},{"taxonomy":"product_tag","embeddable":true,"href":"https:\/\/homeday.webpremiere.de\/index.php\/wp-json\/wp\/v2\/product_tag?post=49309"}],"curies":[{"name":"wp","href":"https:\/\/api.w.org\/{rel}","templated":true}]}}