{"id":51485,"date":"2026-04-04T00:00:00","date_gmt":"2026-04-03T22:00:00","guid":{"rendered":"https:\/\/homeday.webpremiere.de\/index.php\/produkt\/produkt\/"},"modified":"2026-04-21T23:01:02","modified_gmt":"2026-04-21T21:01:02","slug":"baxter-leder-hocker-weiss-creme","status":"publish","type":"product","link":"https:\/\/homeday.webpremiere.de\/index.php\/produkt\/baxter-leder-hocker-weiss-creme\/","title":{"rendered":"Baxter Leder Hocker Wei\u00df Creme"},"content":{"rendered":"<div>\n<p id=\"viewad-description-text\" class=\"ad-keydetails--ad-description\">Revive GmbH | Gebrauchte Designerm\u00f6bel \u2022 Aufbereitet \u2022 Nachhaltig \u2022 Sofort Verf\u00fcgbar<\/p>\n<p>Verf\u00fcgbar in: K\u00f6ln &#8211; L\u00f6venich<br \/>Online bestellen: www.revive.de\/products\/30823-c4<br \/>Artikelnummer: #30823-c4<\/p>\n<p>Mit diesem Baxter Hocker holst du dir ein echtes St\u00fcck italienischer Lederkunst ins Haus, das durch sein helles Cremewei\u00df eine wunderbare Ruhe und Exklusivit\u00e4t ausstrahlt. Uns begeistert an Baxter immer wieder die Art und Weise, wie das Material Leder zelebriert wird \u2013 hier ist es die weiche, fast schon handschuhweiche Haptik und die erstklassige Verarbeitung, die diesen Hocker so besonders machen. Er ist weit mehr als nur eine Fu\u00dfablage; er ist ein handwerklich perfektes Accessoire, das durch seine organische Anmutung und die markante Nahtf\u00fchrung sofort \u00fcberzeugt.Die Polsterung ist herrlich soft und einladend, genau so, wie man es von dieser Edelschmiede erwartet. Ob du ihn als Erg\u00e4nzung zu einem Sessel nutzt, ihn als flexiblen Sitzplatz f\u00fcr G\u00e4ste einplanst oder ihn mit einem Tablett als stilvollen Beistelltisch-Ersatz zweckentfremdest \u2013 er macht in jeder Rolle eine souver\u00e4ne Figur. Wenn du ein Fan von authentischen Materialien und einem zeitlos luxuri\u00f6sen Look bist, wird dieser Baxter Hocker schnell zu deinem neuen Lieblingsst\u00fcck im Wohnzimmer.<\/p>\n<p>\u2022 Ma\u00dfe<br \/>Breite: 85cm<br \/>H\u00f6he: 43cm<br \/>Tiefe: 109cm<br \/>Sitzh\u00f6he: \/cm<br \/>Lehnenh\u00f6he: \/cm<br \/>Sitztiefe: \/cm<br \/>Sitzbreite: \/cm<br \/>R\u00fcckenlehnenh\u00f6he: \/cm<\/p>\n<p>\u2022 Artikelinformationen<br \/>Hersteller: Baxter<br \/>Modell:<br \/>Designer:<br \/>Farbe: Creme<br \/>Material: Leder<br \/>Produktart: Hocker<br \/>Nichtraucher-Haushalt: Ja<\/p>\n<p>\u2022 Paketversand<br \/>49 EUR<\/p>\n<p>Der Artikel wird per Paket an dich verschickt.<br \/>Alle Artikel werden von uns auf ihre Qualit\u00e4t gepr\u00fcft und sorgf\u00e4ltig verpackt.<br \/>Du ben\u00f6tigst eine Lieferung ins Ausland? Komm gerne auf uns zu und wir machen dir ein Angebot.<\/p>\n<p>\u2022 \u00dcber Revive<br \/>Mit unserer professionellen Aufbereitung schenken wir gebrauchten Designerm\u00f6beln ein neues Leben.<br \/>Unsere Produkte sind gegen\u00fcber dem Neupreis bereits stark reduziert \u2013 so erh\u00e4ltst du hochwertige Produkte zu einem unschlagbaren Preis. Zus\u00e4tzlich spenden wir 10% unseres Gewinns an gemeinn\u00fctzige Zwecke.<\/p>\n<p>\u2022 Deine Vorteile im \u00dcberblick<br \/>&#8211; Mehr als 1000 sofort verf\u00fcgbare Designerm\u00f6bel<br \/>&#8211; Top Preise<br \/>&#8211; Nachhaltig<br \/>&#8211; 2-Mann-Lieferung ins Zimmer deiner Wahl<br \/>&#8211; Kostenlose Montage<br \/>&#8211; 30 Tage R\u00fcckgaberecht<br \/>&#8211; 1 Jahr Gew\u00e4hrleistung<\/p>\n<p>\u2022 Showroom<br \/>Revive GmbH<br \/>Ottostr. 3<br \/>50859 K\u00f6ln &#8211; L\u00f6venich<br \/>Mo-Do: 13-18 Uhr, Fr-Sa: 10-18 Uhr<\/p>\n<p>\u2022 Kundenservice<br \/>Du hast eine Frage? Gerne steht dir unser Team telefonisch und per E-Mail zur Seite.<\/p>\n<p>Telefon: 0221 69 20 65 60<br \/>E-Mail: hier per Nachricht<\/p>\n<p>\u2022 H\u00e4ufig gestellte Fragen<\/p>\n<p>&gt;&gt; Auf den Fotos kann ich keine Gebrauchsspuren erkennen. Was bedeutet das?<br \/>Bei all unseren Produkten sind m\u00f6gliche Gebrauchsspuren eindeutig mit Detail-Fotos bebildert. Ist dies nicht der Fall, befindet sich der Artikel in einem sehr guten Zustand und weist keinerlei sichtbare M\u00e4ngel auf.<\/p>\n<p>&gt;&gt; K\u00f6nnen die Produkte besichtigt werden?<br \/>Ja, alle angebotenen Artikel haben wir vorr\u00e4tig, diese k\u00f6nnen gerne in unserem Showroom in K\u00f6ln-L\u00f6venich besichtigt werden.<br \/>Optional kannst du innerhalb unserer \u00d6ffnungszeiten (Mo-Do: 13-18 Uhr, Fr-Sa: 10-18 Uhr) einen pers\u00f6nlichen Termin auf revive.de\/products\/30823-c4 buchen.<\/p>\n<p>Alternativ bieten wir dir die M\u00f6glichkeit einer Online Videobesichtigung via WhatsApp.<br \/>Auf jeder Produktseite auf revive.de kannst du deinen Termin buchen.<br \/>Wir gehen auf deine individuellen W\u00fcnsche ein und bieten dir eine pers\u00f6nliche Beratung.<br \/>Die Produktseite f\u00fcr diese Anzeige findest du unter: revive.de\/products\/30823-c4<\/p>\n<p>&gt;&gt; Ist der Preis verhandelbar?<br \/>Nein, denn unsere Produkte sind gegen\u00fcber dem Neupreis bereits stark reduziert \u2013 so erh\u00e4ltst du hochwertige Produkte zu einem unschlagbaren Preis.<br \/>M\u00f6gliche Gebrauchsspuren sind bereits mit einberechnet.<br \/>Alle unsere Preise werden von unseren Experten mit gro\u00dfer Sorgfalt gepr\u00fcft. Mittels Hersteller und Modell ist der Neupreis f\u00fcr dich jederzeit nachvollziehbar.<\/p>\n<p>&gt;&gt; Kauft ihr auch an?<br \/>Ja, unter www.revive.de\/ankauf machen wir dir gerne ein<\/p>\n<\/div>\n","protected":false},"excerpt":{"rendered":"<p>Revive GmbH | Gebrauchte Designerm\u00f6bel \u2022 Aufbereitet \u2022 Nachhaltig \u2022 Sofort Verf\u00fcgbar Verf\u00fcgbar in: K\u00f6ln &#8211; L\u00f6venich Online bestellen: www.revive.de\/products\/30823-c4 Artikelnummer: #30823-c4 Mit diesem Baxter Hocker holst du dir ein echtes St\u00fcck &#8230;<\/p>\n","protected":false},"featured_media":58495,"template":"","meta":[],"product_label":[],"product_brand":[],"product_cat":[15],"product_tag":[],"class_list":{"0":"post-51485","1":"product","2":"type-product","3":"status-publish","4":"has-post-thumbnail","6":"product_cat-unkategorisiert","8":"first","9":"instock","10":"shipping-taxable","11":"purchasable","12":"product-type-kleinanzeige"},"_links":{"self":[{"href":"https:\/\/homeday.webpremiere.de\/index.php\/wp-json\/wp\/v2\/product\/51485","targetHints":{"allow":["GET"]}}],"collection":[{"href":"https:\/\/homeday.webpremiere.de\/index.php\/wp-json\/wp\/v2\/product"}],"about":[{"href":"https:\/\/homeday.webpremiere.de\/index.php\/wp-json\/wp\/v2\/types\/product"}],"wp:featuredmedia":[{"embeddable":true,"href":"https:\/\/homeday.webpremiere.de\/index.php\/wp-json\/wp\/v2\/media\/58495"}],"wp:attachment":[{"href":"https:\/\/homeday.webpremiere.de\/index.php\/wp-json\/wp\/v2\/media?parent=51485"}],"wp:term":[{"taxonomy":"product_label","embeddable":true,"href":"https:\/\/homeday.webpremiere.de\/index.php\/wp-json\/wp\/v2\/product_label?post=51485"},{"taxonomy":"product_brand","embeddable":true,"href":"https:\/\/homeday.webpremiere.de\/index.php\/wp-json\/wp\/v2\/product_brand?post=51485"},{"taxonomy":"product_cat","embeddable":true,"href":"https:\/\/homeday.webpremiere.de\/index.php\/wp-json\/wp\/v2\/product_cat?post=51485"},{"taxonomy":"product_tag","embeddable":true,"href":"https:\/\/homeday.webpremiere.de\/index.php\/wp-json\/wp\/v2\/product_tag?post=51485"}],"curies":[{"name":"wp","href":"https:\/\/api.w.org\/{rel}","templated":true}]}}