{"id":70304,"date":"2026-04-23T02:22:00","date_gmt":"2026-04-23T00:22:00","guid":{"rendered":"https:\/\/homeday.webpremiere.de\/index.php\/produkt\/produkt\/"},"modified":"2026-04-24T02:10:58","modified_gmt":"2026-04-24T00:10:58","slug":"de-sede-ds-17-wk-612-leder-sessel-schwarz","status":"publish","type":"product","link":"https:\/\/homeday.webpremiere.de\/index.php\/produkt\/de-sede-ds-17-wk-612-leder-sessel-schwarz\/","title":{"rendered":"de Sede DS 17 \/ WK 612 Leder Sessel Schwarz"},"content":{"rendered":"<div>\n<p id=\"viewad-description-text\" class=\"ad-keydetails--ad-description\">Revive GmbH | Gebrauchte Designerm\u00f6bel \u2022 Aufbereitet \u2022 Nachhaltig \u2022 Sofort Verf\u00fcgbar<\/p>\n<p>Verf\u00fcgbar in: K\u00f6ln &#8211; L\u00f6venich<br \/>Online bestellen: www.revive.de\/products\/30669-c4<br \/>Artikelnummer: #30669-c4<\/p>\n<p>Mit diesem Sessel von de Sede holst du dir ein echtes St\u00fcck Schweizer Handwerkskunst nach Hause, das durch seine klare und souver\u00e4ne Form besticht. Das Modell DS 17, welches im Rahmen der WK-Kollektion auch als WK 612 bekannt ist, setzt auf ein zeitloses Design aus schwarzem Leder und eine markante, kubische Linienf\u00fchrung. Die stabilen, dunklen Holzf\u00fc\u00dfe bilden eine bodenst\u00e4ndige Basis und passen perfekt zum kr\u00e4ftigen Lederkorpus, was dem Sessel eine stimmige und hochwertige Pr\u00e4senz im Raum verleiht.Besonders charmant ist bei diesem Entwurf das Zusammenspiel aus den breiten Armlehnen und dem markant abgesetzten R\u00fcckenpolster. Das schwarze Leder sieht nicht nur echt schick aus, sondern erweist sich im Alltag ja auch als \u00e4u\u00dferst dankbar und robust. Dieser Sessel funktioniert m\u00fchelos als markantes Herzst\u00fcck in deinem Wohnzimmer und bietet dir genau die richtige Mischung aus Charakter und unaufgeregtem Look.<\/p>\n<p>\u2022 Ma\u00dfe<br \/>Breite: 86cm<br \/>H\u00f6he: 82cm<br \/>Tiefe: 86cm<br \/>Sitzh\u00f6he: 43cm<br \/>Lehnenh\u00f6he: 58cm<br \/>Sitztiefe: 51cm<br \/>Sitzbreite: 60cm<br \/>R\u00fcckenlehnenh\u00f6he: 40cm<\/p>\n<p>\u2022 Artikelinformationen<br \/>Hersteller: de Sede<br \/>Modell: DS-17 \/ WK 612<br \/>Designer:<br \/>Farbe: Schwarz<br \/>Material: Leder<br \/>Produktart: Sessel<br \/>Nichtraucher-Haushalt: Ja<\/p>\n<p>\u2022 Lieferung bis in&#8217;s Wohnzimmer (bundesweit)<br \/>99 EUR<\/p>\n<p>Die Lieferung erfolgt durch zwei unserer Mitarbeiter bis zum gew\u00fcnschten Platz (inkl. Verpackungsentsorgung).<br \/>Alle Artikel werden von uns auf ihre Qualit\u00e4t gepr\u00fcft und sorgf\u00e4ltig verpackt.<br \/>Wir informieren dich 1-3 Tage vorab \u00fcber den konkreten Liefertermin.<br \/>Du ben\u00f6tigst eine Lieferung ins Ausland? Komm gerne auf uns zu und wir machen dir ein Angebot.<\/p>\n<p>\u2022 \u00dcber Revive<br \/>Mit unserer professionellen Aufbereitung schenken wir gebrauchten Designerm\u00f6beln ein neues Leben.<br \/>Unsere Produkte sind gegen\u00fcber dem Neupreis bereits stark reduziert \u2013 so erh\u00e4ltst du hochwertige Produkte zu einem unschlagbaren Preis. Zus\u00e4tzlich spenden wir 10% unseres Gewinns an gemeinn\u00fctzige Zwecke.<\/p>\n<p>\u2022 Deine Vorteile im \u00dcberblick<br \/>&#8211; Mehr als 1000 sofort verf\u00fcgbare Designerm\u00f6bel<br \/>&#8211; Top Preise<br \/>&#8211; Nachhaltig<br \/>&#8211; 2-Mann-Lieferung ins Zimmer deiner Wahl<br \/>&#8211; Kostenlose Montage<br \/>&#8211; 30 Tage R\u00fcckgaberecht<br \/>&#8211; 1 Jahr Gew\u00e4hrleistung<\/p>\n<p>\u2022 Showroom<br \/>Revive GmbH<br \/>Ottostr. 3<br \/>50859 K\u00f6ln &#8211; L\u00f6venich<br \/>Mo-Do: 13-18 Uhr, Fr-Sa: 10-18 Uhr<\/p>\n<p>\u2022 Kundenservice<br \/>Du hast eine Frage? Gerne steht dir unser Team telefonisch und per E-Mail zur Seite.<\/p>\n<p>Telefon: 0221 69 20 65 60<br \/>E-Mail: hier per Nachricht<\/p>\n<p>\u2022 H\u00e4ufig gestellte Fragen<\/p>\n<p>&gt;&gt; Auf den Fotos kann ich keine Gebrauchsspuren erkennen. Was bedeutet das?<br \/>Bei all unseren Produkten sind m\u00f6gliche Gebrauchsspuren eindeutig mit Detail-Fotos bebildert. Ist dies nicht der Fall, befindet sich der Artikel in einem sehr guten Zustand und weist keinerlei sichtbare M\u00e4ngel auf.<\/p>\n<p>&gt;&gt; K\u00f6nnen die Produkte besichtigt werden?<br \/>Ja, alle angebotenen Artikel haben wir vorr\u00e4tig, diese k\u00f6nnen gerne in unserem Showroom in K\u00f6ln-L\u00f6venich besichtigt werden.<br \/>Optional kannst du innerhalb unserer \u00d6ffnungszeiten (Mo-Do: 13-18 Uhr, Fr-Sa: 10-18 Uhr) einen pers\u00f6nlichen Termin auf revive.de\/products\/30669-c4 buchen.<\/p>\n<p>Alternativ bieten wir dir die M\u00f6glichkeit einer Online Videobesichtigung via WhatsApp.<br \/>Auf jeder Produktseite auf revive.de kannst du deinen Termin buchen.<br \/>Wir gehen auf deine individuellen W\u00fcnsche ein und bieten dir eine pers\u00f6nliche Beratung.<br \/>Die Produktseite f\u00fcr diese Anzeige findest du unter: revive.de\/products\/30669-c4<\/p>\n<p>&gt;&gt; Ist der Preis verhandelbar?<br \/>Nein, denn unsere Produkte sind gegen\u00fcber dem Neupreis bereits stark reduziert \u2013 so erh\u00e4ltst du hochwertige Produkte zu einem unschlagbaren Preis.<br \/>M\u00f6gliche Gebrauchsspuren sind bereits mit einberechnet.<br \/>Alle unsere Preise werden von unseren Experten mit gro\u00dfer Sorgfalt gepr\u00fcft. Mittels Hersteller und Modell ist der Neupreis f\u00fcr dich jederzeit nachvollziehbar.<\/p>\n<p>Hast du weitere Fragen?<br \/>Unser Kundenservice-Team<\/p>\n<\/div>\n","protected":false},"excerpt":{"rendered":"<p>Revive GmbH | Gebrauchte Designerm\u00f6bel \u2022 Aufbereitet \u2022 Nachhaltig \u2022 Sofort Verf\u00fcgbar Verf\u00fcgbar in: K\u00f6ln &#8211; L\u00f6venich Online bestellen: www.revive.de\/products\/30669-c4 Artikelnummer: #30669-c4 Mit diesem Sessel von de Sede holst du dir ein echtes S&#8230;<\/p>\n","protected":false},"featured_media":70366,"template":"","meta":[],"product_label":[],"product_brand":[],"product_cat":[15],"product_tag":[],"class_list":{"0":"post-70304","1":"product","2":"type-product","3":"status-publish","4":"has-post-thumbnail","6":"product_cat-unkategorisiert","8":"first","9":"instock","10":"shipping-taxable","11":"purchasable","12":"product-type-kleinanzeige"},"_links":{"self":[{"href":"https:\/\/homeday.webpremiere.de\/index.php\/wp-json\/wp\/v2\/product\/70304","targetHints":{"allow":["GET"]}}],"collection":[{"href":"https:\/\/homeday.webpremiere.de\/index.php\/wp-json\/wp\/v2\/product"}],"about":[{"href":"https:\/\/homeday.webpremiere.de\/index.php\/wp-json\/wp\/v2\/types\/product"}],"wp:featuredmedia":[{"embeddable":true,"href":"https:\/\/homeday.webpremiere.de\/index.php\/wp-json\/wp\/v2\/media\/70366"}],"wp:attachment":[{"href":"https:\/\/homeday.webpremiere.de\/index.php\/wp-json\/wp\/v2\/media?parent=70304"}],"wp:term":[{"taxonomy":"product_label","embeddable":true,"href":"https:\/\/homeday.webpremiere.de\/index.php\/wp-json\/wp\/v2\/product_label?post=70304"},{"taxonomy":"product_brand","embeddable":true,"href":"https:\/\/homeday.webpremiere.de\/index.php\/wp-json\/wp\/v2\/product_brand?post=70304"},{"taxonomy":"product_cat","embeddable":true,"href":"https:\/\/homeday.webpremiere.de\/index.php\/wp-json\/wp\/v2\/product_cat?post=70304"},{"taxonomy":"product_tag","embeddable":true,"href":"https:\/\/homeday.webpremiere.de\/index.php\/wp-json\/wp\/v2\/product_tag?post=70304"}],"curies":[{"name":"wp","href":"https:\/\/api.w.org\/{rel}","templated":true}]}}